{"id":14,"date":"2016-03-11T18:13:16","date_gmt":"2016-03-11T17:13:16","guid":{"rendered":"http:\/\/duoseigle.com\/?page_id=14"},"modified":"2018-11-12T15:14:47","modified_gmt":"2018-11-12T14:14:47","slug":"le-projet","status":"publish","type":"page","link":"http:\/\/duoseigle.com\/index.php\/fr\/sur-les-routes-de-lest\/le-projet\/","title":{"rendered":"Le projet"},"content":{"rendered":"<p style=\"text-align: center;\"><iframe loading=\"lazy\" src=\"https:\/\/www.youtube.com\/embed\/a4_Obe2MAFc\" width=\"560\" height=\"315\" frameborder=\"0\" allowfullscreen=\"allowfullscreen\"><\/iframe><\/p>\n<p align=\"justify\">L\u2019envie de construire un programme de musiques d\u2019inspiration populaire de l\u2019Est, autour des compositeurs tch\u00e8ques <strong>Bohuslav Martinu<\/strong> et <strong>Erwin Schulhoff<\/strong> et du compositeur hongrois <strong>Zolt\u00e1n Kod\u00e1ly<\/strong>, est n\u00e9e de notre attachement pour la d\u00e9marche singuli\u00e8re et g\u00e9n\u00e9reuse qu\u2019ils ont eu, chacun \u00e0 leur mani\u00e8re, \u00e0 faire ressurgir leur patrimoine musical rural, en s\u2019inspirant en particulier des musiques populaires et folkloriques de leur pays, ce qui a permis d\u2019en conserver une m\u00e9moire vive.<\/p>\n<p align=\"justify\">Ce qui nous touche profond\u00e9ment dans ces musiques color\u00e9es, rythm\u00e9es, chant\u00e9es, voire parl\u00e9es \u2013 parl\u00e9es dans le sens de la syllabe, du dialogue ou de l\u2019unisson, c\u2019est qu\u2019elles parlent de la terre, des femmes et des hommes qui y vivent, de leurs chants, leurs danses, leurs langues.<\/p>\n<p align=\"justify\">C\u2019est toute cette humanit\u00e9, qui se manifeste gr\u00e2ce aux diff\u00e9rentes d\u00e9marches et rencontres men\u00e9es par ces compositeurs, que nous voulons faire transpara\u00eetre dans notre programme <em>Sur les routes de l\u2019Est<\/em>. Et si \u00e0 certains moments ces musiques paraissent brutes, rugueuses, elles portent avant tout un message de vie, de vivre ensemble.<\/p>\n<p align=\"justify\">Car de tous temps, la musique, la danse, le chant, l\u2019Art en g\u00e9n\u00e9ral, ont port\u00e9 des messages universels qui ont r\u00e9uni les Hommes autour du Divers, ce Divers qui fait toute la richesse de notre monde et de chaque \u00eatre sensible qui le compose.<\/p>\n","protected":false},"excerpt":{"rendered":"<p>L\u2019envie de construire un programme de musiques d\u2019inspiration populaire de l\u2019Est, autour des compositeurs tch\u00e8ques Bohuslav Martinu et Erwin Schulhoff et du compositeur hongrois Zolt\u00e1n Kod\u00e1ly, est n\u00e9e de notre attachement pour la d\u00e9marche singuli\u00e8re et g\u00e9n\u00e9reuse qu\u2019ils ont eu, chacun \u00e0 leur mani\u00e8re, \u00e0 faire ressurgir leur patrimoine musical\u2026<\/p>\n<p> <a class=\"continue-reading-link\" href=\"http:\/\/duoseigle.com\/index.php\/fr\/sur-les-routes-de-lest\/le-projet\/\"><span>Lire la suite<\/span><i class=\"crycon-right-dir\"><\/i><\/a> <\/p>\n","protected":false},"author":1,"featured_media":0,"parent":8,"menu_order":1,"comment_status":"closed","ping_status":"closed","template":"templates\/template-onecolumn.php","meta":{"two_page_speed":[]},"yoast_head":"<!-- This site is optimized with the Yoast SEO plugin v19.10 - https:\/\/yoast.com\/wordpress\/plugins\/seo\/ -->\n<title>Le projet - Duo Micha\u00ebl et Nicolas Seigle<\/title>\n<meta name=\"description\" content=\"Le projet Sur les routes de l&#039;Est est venu d&#039;une envie de construire un programme autour des compositeurs Bohuslav Martinu, Erwin Schulhoff et Zoltan Kodaly\" \/>\n<meta name=\"robots\" content=\"index, follow, max-snippet:-1, max-image-preview:large, max-video-preview:-1\" \/>\n<link rel=\"canonical\" href=\"http:\/\/duoseigle.com\/index.php\/fr\/sur-les-routes-de-lest\/le-projet\/\" \/>\n<meta property=\"og:locale\" content=\"fr_FR\" \/>\n<meta property=\"og:type\" content=\"article\" \/>\n<meta property=\"og:title\" content=\"Le projet - Duo Micha\u00ebl et Nicolas Seigle\" \/>\n<meta property=\"og:description\" content=\"Le projet Sur les routes de l&#039;Est est venu d&#039;une envie de construire un programme autour des compositeurs Bohuslav Martinu, Erwin Schulhoff et Zoltan Kodaly\" \/>\n<meta property=\"og:url\" content=\"http:\/\/duoseigle.com\/index.php\/fr\/sur-les-routes-de-lest\/le-projet\/\" \/>\n<meta property=\"article:publisher\" content=\"https:\/\/www.facebook.com\/duoseigle\/\" \/>\n<meta property=\"article:modified_time\" content=\"2018-11-12T14:14:47+00:00\" \/>\n<meta property=\"og:image\" content=\"http:\/\/duoseigle.com\/wp-content\/uploads\/2016\/03\/\u00a9ArtyFAN_8008ret1.jpg\" \/>\n\t<meta property=\"og:image:width\" content=\"2000\" \/>\n\t<meta property=\"og:image:height\" content=\"1333\" \/>\n\t<meta property=\"og:image:type\" content=\"image\/jpeg\" \/>\n<meta name=\"twitter:card\" content=\"summary_large_image\" \/>\n<meta name=\"twitter:site\" content=\"@nicolasandmichael\" \/>\n<meta name=\"twitter:label1\" content=\"Dur\u00e9e de lecture estim\u00e9e\" \/>\n\t<meta name=\"twitter:data1\" content=\"1 minute\" \/>\n<script type=\"application\/ld+json\" class=\"yoast-schema-graph\">{\"@context\":\"https:\/\/schema.org\",\"@graph\":[{\"@type\":\"WebPage\",\"@id\":\"http:\/\/duoseigle.com\/index.php\/fr\/sur-les-routes-de-lest\/le-projet\/\",\"url\":\"http:\/\/duoseigle.com\/index.php\/fr\/sur-les-routes-de-lest\/le-projet\/\",\"name\":\"Le projet - Duo Micha\u00ebl et Nicolas Seigle\",\"isPartOf\":{\"@id\":\"http:\/\/duoseigle.com\/#website\"},\"datePublished\":\"2016-03-11T17:13:16+00:00\",\"dateModified\":\"2018-11-12T14:14:47+00:00\",\"description\":\"Le projet Sur les routes de l'Est est venu d'une envie de construire un programme autour des compositeurs Bohuslav Martinu, Erwin Schulhoff et Zoltan Kodaly\",\"breadcrumb\":{\"@id\":\"http:\/\/duoseigle.com\/index.php\/fr\/sur-les-routes-de-lest\/le-projet\/#breadcrumb\"},\"inLanguage\":\"fr-FR\",\"potentialAction\":[{\"@type\":\"ReadAction\",\"target\":[\"http:\/\/duoseigle.com\/index.php\/fr\/sur-les-routes-de-lest\/le-projet\/\"]}]},{\"@type\":\"BreadcrumbList\",\"@id\":\"http:\/\/duoseigle.com\/index.php\/fr\/sur-les-routes-de-lest\/le-projet\/#breadcrumb\",\"itemListElement\":[{\"@type\":\"ListItem\",\"position\":1,\"name\":\"Accueil\",\"item\":\"http:\/\/duoseigle.com\/index.php\/en\/\"},{\"@type\":\"ListItem\",\"position\":2,\"name\":\"Le projet\"}]},{\"@type\":\"WebSite\",\"@id\":\"http:\/\/duoseigle.com\/#website\",\"url\":\"http:\/\/duoseigle.com\/\",\"name\":\"\",\"description\":\"\",\"publisher\":{\"@id\":\"http:\/\/duoseigle.com\/#\/schema\/person\/b9e3d0951d21aa99d558fe8c0fed21fe\"},\"potentialAction\":[{\"@type\":\"SearchAction\",\"target\":{\"@type\":\"EntryPoint\",\"urlTemplate\":\"http:\/\/duoseigle.com\/?s={search_term_string}\"},\"query-input\":\"required name=search_term_string\"}],\"inLanguage\":\"fr-FR\"},{\"@type\":[\"Person\",\"Organization\"],\"@id\":\"http:\/\/duoseigle.com\/#\/schema\/person\/b9e3d0951d21aa99d558fe8c0fed21fe\",\"name\":\"seigle\",\"image\":{\"@type\":\"ImageObject\",\"inLanguage\":\"fr-FR\",\"@id\":\"http:\/\/duoseigle.com\/#\/schema\/person\/image\/\",\"url\":\"http:\/\/duoseigle.com\/wp-content\/uploads\/2022\/10\/1F5D9CD8-B156-4BC4-8CD6-4BA966347FB7.jpeg\",\"contentUrl\":\"http:\/\/duoseigle.com\/wp-content\/uploads\/2022\/10\/1F5D9CD8-B156-4BC4-8CD6-4BA966347FB7.jpeg\",\"width\":250,\"height\":250,\"caption\":\"seigle\"},\"logo\":{\"@id\":\"http:\/\/duoseigle.com\/#\/schema\/person\/image\/\"},\"sameAs\":[\"http:\/\/duoseigle.com\/index.php\/fr\/\",\"https:\/\/www.facebook.com\/duoseigle\/\",\"https:\/\/www.instagram.com\/duoseigle\/\",\"https:\/\/twitter.com\/nicolasandmichael\",\"https:\/\/www.youtube.com\/channel\/UCAjCrJ956r7vTGv8uUlQrpw\"]}]}<\/script>\n<!-- \/ Yoast SEO plugin. -->","yoast_head_json":{"title":"Le projet - Duo Micha\u00ebl et Nicolas Seigle","description":"Le projet Sur les routes de l'Est est venu d'une envie de construire un programme autour des compositeurs Bohuslav Martinu, Erwin Schulhoff et Zoltan Kodaly","robots":{"index":"index","follow":"follow","max-snippet":"max-snippet:-1","max-image-preview":"max-image-preview:large","max-video-preview":"max-video-preview:-1"},"canonical":"http:\/\/duoseigle.com\/index.php\/fr\/sur-les-routes-de-lest\/le-projet\/","og_locale":"fr_FR","og_type":"article","og_title":"Le projet - Duo Micha\u00ebl et Nicolas Seigle","og_description":"Le projet Sur les routes de l'Est est venu d'une envie de construire un programme autour des compositeurs Bohuslav Martinu, Erwin Schulhoff et Zoltan Kodaly","og_url":"http:\/\/duoseigle.com\/index.php\/fr\/sur-les-routes-de-lest\/le-projet\/","article_publisher":"https:\/\/www.facebook.com\/duoseigle\/","article_modified_time":"2018-11-12T14:14:47+00:00","og_image":[{"width":2000,"height":1333,"url":"http:\/\/duoseigle.com\/wp-content\/uploads\/2016\/03\/\u00a9ArtyFAN_8008ret1.jpg","type":"image\/jpeg"}],"twitter_card":"summary_large_image","twitter_site":"@nicolasandmichael","twitter_misc":{"Dur\u00e9e de lecture estim\u00e9e":"1 minute"},"schema":{"@context":"https:\/\/schema.org","@graph":[{"@type":"WebPage","@id":"http:\/\/duoseigle.com\/index.php\/fr\/sur-les-routes-de-lest\/le-projet\/","url":"http:\/\/duoseigle.com\/index.php\/fr\/sur-les-routes-de-lest\/le-projet\/","name":"Le projet - Duo Micha\u00ebl et Nicolas Seigle","isPartOf":{"@id":"http:\/\/duoseigle.com\/#website"},"datePublished":"2016-03-11T17:13:16+00:00","dateModified":"2018-11-12T14:14:47+00:00","description":"Le projet Sur les routes de l'Est est venu d'une envie de construire un programme autour des compositeurs Bohuslav Martinu, Erwin Schulhoff et Zoltan Kodaly","breadcrumb":{"@id":"http:\/\/duoseigle.com\/index.php\/fr\/sur-les-routes-de-lest\/le-projet\/#breadcrumb"},"inLanguage":"fr-FR","potentialAction":[{"@type":"ReadAction","target":["http:\/\/duoseigle.com\/index.php\/fr\/sur-les-routes-de-lest\/le-projet\/"]}]},{"@type":"BreadcrumbList","@id":"http:\/\/duoseigle.com\/index.php\/fr\/sur-les-routes-de-lest\/le-projet\/#breadcrumb","itemListElement":[{"@type":"ListItem","position":1,"name":"Accueil","item":"http:\/\/duoseigle.com\/index.php\/en\/"},{"@type":"ListItem","position":2,"name":"Le projet"}]},{"@type":"WebSite","@id":"http:\/\/duoseigle.com\/#website","url":"http:\/\/duoseigle.com\/","name":"","description":"","publisher":{"@id":"http:\/\/duoseigle.com\/#\/schema\/person\/b9e3d0951d21aa99d558fe8c0fed21fe"},"potentialAction":[{"@type":"SearchAction","target":{"@type":"EntryPoint","urlTemplate":"http:\/\/duoseigle.com\/?s={search_term_string}"},"query-input":"required name=search_term_string"}],"inLanguage":"fr-FR"},{"@type":["Person","Organization"],"@id":"http:\/\/duoseigle.com\/#\/schema\/person\/b9e3d0951d21aa99d558fe8c0fed21fe","name":"seigle","image":{"@type":"ImageObject","inLanguage":"fr-FR","@id":"http:\/\/duoseigle.com\/#\/schema\/person\/image\/","url":"http:\/\/duoseigle.com\/wp-content\/uploads\/2022\/10\/1F5D9CD8-B156-4BC4-8CD6-4BA966347FB7.jpeg","contentUrl":"http:\/\/duoseigle.com\/wp-content\/uploads\/2022\/10\/1F5D9CD8-B156-4BC4-8CD6-4BA966347FB7.jpeg","width":250,"height":250,"caption":"seigle"},"logo":{"@id":"http:\/\/duoseigle.com\/#\/schema\/person\/image\/"},"sameAs":["http:\/\/duoseigle.com\/index.php\/fr\/","https:\/\/www.facebook.com\/duoseigle\/","https:\/\/www.instagram.com\/duoseigle\/","https:\/\/twitter.com\/nicolasandmichael","https:\/\/www.youtube.com\/channel\/UCAjCrJ956r7vTGv8uUlQrpw"]}]}},"_links":{"self":[{"href":"http:\/\/duoseigle.com\/index.php\/wp-json\/wp\/v2\/pages\/14"}],"collection":[{"href":"http:\/\/duoseigle.com\/index.php\/wp-json\/wp\/v2\/pages"}],"about":[{"href":"http:\/\/duoseigle.com\/index.php\/wp-json\/wp\/v2\/types\/page"}],"author":[{"embeddable":true,"href":"http:\/\/duoseigle.com\/index.php\/wp-json\/wp\/v2\/users\/1"}],"replies":[{"embeddable":true,"href":"http:\/\/duoseigle.com\/index.php\/wp-json\/wp\/v2\/comments?post=14"}],"version-history":[{"count":12,"href":"http:\/\/duoseigle.com\/index.php\/wp-json\/wp\/v2\/pages\/14\/revisions"}],"predecessor-version":[{"id":970,"href":"http:\/\/duoseigle.com\/index.php\/wp-json\/wp\/v2\/pages\/14\/revisions\/970"}],"up":[{"embeddable":true,"href":"http:\/\/duoseigle.com\/index.php\/wp-json\/wp\/v2\/pages\/8"}],"wp:attachment":[{"href":"http:\/\/duoseigle.com\/index.php\/wp-json\/wp\/v2\/media?parent=14"}],"curies":[{"name":"wp","href":"https:\/\/api.w.org\/{rel}","templated":true}]}}