{"id":666,"date":"2016-12-08T13:06:09","date_gmt":"2016-12-08T12:06:09","guid":{"rendered":"http:\/\/duoseigle.com\/?page_id=666"},"modified":"2022-10-11T22:34:19","modified_gmt":"2022-10-11T21:34:19","slug":"repertoire","status":"publish","type":"page","link":"http:\/\/duoseigle.com\/index.php\/fr\/repertoire\/","title":{"rendered":"R\u00e9pertoire"},"content":{"rendered":"<p>Depuis ces nombreuses ann\u00e9es pass\u00e9es \u00e0 travailler ensemble, nous d\u00e9couvrons que le r\u00e9pertoire pour duo violon\/violoncelle est vaste et tr\u00e8s riche. M\u00eame si des transcriptions ont \u00e9t\u00e9 r\u00e9alis\u00e9es,\u00a0notamment durant la p\u00e9riode classique, un grand nombre d\u2019\u0153uvres ont \u00e9t\u00e9 compos\u00e9es sp\u00e9cifiquement pour cette formation.<\/p>\n<p>Nous proposons donc des programmes de duos issus des p\u00e9riodes classique, romantique, et moderne. Chaque programmateur, en fonction de son public et de ses envies, peut donc faire d\u00e9couvrir cette formation de duo en programmant des \u0153uvres uniquement classiques, du 20<sup>\u00e8me<\/sup> ou en associant ces p\u00e9riodes.<\/p>\n<p>Vous pouvez consulter ci-dessous les \u0153uvres de notre r\u00e9pertoire d\u2019aujourd\u2019hui pour constituer le programme qui vous semblera le plus appropri\u00e9.<\/p>\n<p>\u00a0<\/p>\n\n\n<p><\/p>\n\n\n<h2><span style=\"color: #9a0104;\">\u0152UVRES CLASSIQUES\u00a0<\/span><\/h2>\n<ul>\n<li><strong>Johann Sebastian Bach<\/strong> (1685-1750) &#8211; <span style=\"color: #9a0104;\"><a style=\"color: #9a0104;\" href=\"http:\/\/duoseigle.com\/index.php\/fr\/voyages-interieurs\/\"><strong>4 duetti<\/strong><\/a><\/span> BWV 802-805<\/li>\n<li><strong>Ludwig Van Beethoven<\/strong> (1770-1827) : <strong>3 duos<\/strong> \u2013 <em>Transcription de Friedrich Hermann d&rsquo;apr\u00e8s les duos pour clarinette et basson<\/em><\/li>\n<li><strong>Georg Friedrich Haendel <\/strong>(1685-1759) : <strong>Passacaille<\/strong> \u2013 <em>Transcription de Johan Halvorsen d&rsquo;apr\u00e8s la Suite pour clavecin en sol mineur<\/em><\/li>\n<li><strong>Wolfgang Amadeus Mozart<\/strong> (1756-1791) : <strong>2 duos<\/strong> KV.423 et 424 \u2013 <em>Transcription d\u2019apr\u00e8s les duos pour violon et<\/em><em>\u00a0alto<\/em><\/li>\n<li><strong>Niccol\u00f2 Paganini<\/strong> (1782-1840) : <span style=\"color: #9a0104;\"><a style=\"color: #9a0104;\" href=\"http:\/\/duoseigle.com\/index.php\/fr\/da-parma-alla-scala-2\/\"><strong>3 duos concertants<\/strong><\/a><\/span><\/li>\n<li><strong>Alessandro Rolla<\/strong> (1757-1841) : <span style=\"color: #9a0104;\"><strong><a style=\"color: #9a0104;\" href=\"http:\/\/duoseigle.com\/index.php\/fr\/da-parma-alla-scala-2\/\">3 duos<\/a>\u00a0<\/strong><\/span><\/li>\n<li><strong>Antonio Vivaldi<\/strong> (1678-1741) : <strong>Il pastor fido<\/strong> \u2013 Sonate en 4 mouvements &#8211; (<em>Arr. Paul Bazelaire)<\/em><\/li>\n<\/ul>\n<h2><span style=\"color: #9a0104;\">\u0152UVRES ROMANTIQUES ET\u00a020\u00e8me\u00a0<\/span><\/h2>\n<ul>\n<li><strong>Manuel De Falla<\/strong> (1876-1946) &#8211; <span style=\"color: #9a0104;\"><a style=\"color: #9a0104;\" href=\"http:\/\/duoseigle.com\/index.php\/fr\/voyages-interieurs\/\"><strong>Chansons populaires espagnoles<\/strong><\/a><\/span> <em>(arr. C\u00e9dric Granelle)<\/em><\/li>\n<li><strong>George Gershwin<\/strong> (1898-1937) &#8211; <span style=\"color: #9a0104;\"><a style=\"color: #9a0104;\" href=\"http:\/\/duoseigle.com\/index.php\/fr\/voyages-interieurs\/\"><strong>The Man I Love, Embraceable You, A Foggy Day<\/strong><\/a><\/span> <em>(arr. David Bressat)<\/em><\/li>\n<li><strong>Reinhold Gli\u00e8re<\/strong>\u00a0(1875-1956) :<strong>\u00a08 morceaux<\/strong>\u00a0op.39<\/li>\n<li><strong>Arthur Honegger<\/strong> (1892-1955) &#8211; <strong>Sonatine<\/strong><\/li>\n<li><strong>Zolt\u00e1n Kod\u00e1ly\u00a0<\/strong>(1882-1967) &#8211; <span style=\"color: #9a0104;\"><a style=\"color: #9a0104;\" href=\"http:\/\/duoseigle.com\/index.php\/fr\/sur-les-routes-de-lest-2\/\"><strong>Duo op.7<\/strong><\/a><\/span><\/li>\n<li><strong><strong>Bohuslav Martinu<strong>\u00a0<\/strong><\/strong><\/strong>(1890-1959) &#8211; <span style=\"color: #9a0104;\"><strong><a style=\"color: #9a0104;\" href=\"http:\/\/duoseigle.com\/index.php\/fr\/sur-les-routes-de-lest-2\/\">Duo n\u00b01 et duo n\u00b02<\/a><\/strong><\/span><\/li>\n<li><strong>Vittorio Monti<\/strong> (1868-1922) &#8211; <strong>Czardas<\/strong> &#8211;<em> (arr. Duo Seigle)<\/em><\/li>\n<li><strong>Maurice Ravel<\/strong> (1875-1937) &#8211; <span style=\"color: #9a0104;\"><a style=\"color: #9a0104;\" href=\"http:\/\/duoseigle.com\/index.php\/fr\/voyages-interieurs\/\"><strong>Sonate<\/strong><\/a><\/span><\/li>\n<li><strong>Maurice Ravel<\/strong> (1875-1937) &#8211; <span style=\"color: #9a0104;\"><a style=\"color: #9a0104;\" href=\"http:\/\/duoseigle.com\/index.php\/fr\/voyages-interieurs\/\"><strong>Kaddisch<\/strong><\/a><\/span> <em>(arr. Duo Seigle)<\/em><\/li>\n<li><strong>Erwin Schulhoff<\/strong>\u00a0(1894-1942) &#8211; <span style=\"color: #9a0104;\"><a style=\"color: #9a0104;\" href=\"http:\/\/duoseigle.com\/index.php\/fr\/sur-les-routes-de-lest-2\/\"><strong>Duo<\/strong><\/a><\/span><\/li>\n<\/ul>","protected":false},"excerpt":{"rendered":"<p>Depuis ces nombreuses ann\u00e9es pass\u00e9es \u00e0 travailler ensemble, nous d\u00e9couvrons que le r\u00e9pertoire pour duo violon\/violoncelle est vaste et tr\u00e8s riche. M\u00eame si des transcriptions ont \u00e9t\u00e9 r\u00e9alis\u00e9es,\u00a0notamment durant la p\u00e9riode classique, un grand nombre d\u2019\u0153uvres ont \u00e9t\u00e9 compos\u00e9es sp\u00e9cifiquement pour cette formation. Nous proposons donc des programmes de duos\u2026<\/p>\n<p> <a class=\"continue-reading-link\" href=\"http:\/\/duoseigle.com\/index.php\/fr\/repertoire\/\"><span>Lire la suite<\/span><i class=\"crycon-right-dir\"><\/i><\/a> <\/p>\n","protected":false},"author":2,"featured_media":0,"parent":0,"menu_order":0,"comment_status":"closed","ping_status":"closed","template":"","meta":{"two_page_speed":[]},"yoast_head":"<!-- This site is optimized with the Yoast SEO plugin v19.10 - https:\/\/yoast.com\/wordpress\/plugins\/seo\/ -->\n<title>R\u00e9pertoire - Duo Micha\u00ebl et Nicolas Seigle violon-violoncelle<\/title>\n<meta name=\"description\" content=\"D\u00e9couvrez notre r\u00e9pertoire actuel issu des p\u00e9riodes classique, romantique et moderne pour constituer le programme qui vous semblera le plus appropri\u00e9.\" \/>\n<meta name=\"robots\" content=\"index, follow, max-snippet:-1, max-image-preview:large, max-video-preview:-1\" \/>\n<link rel=\"canonical\" href=\"http:\/\/duoseigle.com\/index.php\/fr\/repertoire\/\" \/>\n<meta property=\"og:locale\" content=\"fr_FR\" \/>\n<meta property=\"og:type\" content=\"article\" \/>\n<meta property=\"og:title\" content=\"R\u00e9pertoire - Duo Micha\u00ebl et Nicolas Seigle violon-violoncelle\" \/>\n<meta property=\"og:description\" content=\"D\u00e9couvrez notre r\u00e9pertoire actuel issu des p\u00e9riodes classique, romantique et moderne pour constituer le programme qui vous semblera le plus appropri\u00e9.\" \/>\n<meta property=\"og:url\" content=\"http:\/\/duoseigle.com\/index.php\/fr\/repertoire\/\" \/>\n<meta property=\"article:publisher\" content=\"https:\/\/www.facebook.com\/duoseigle\/\" \/>\n<meta property=\"article:modified_time\" content=\"2022-10-11T21:34:19+00:00\" \/>\n<meta property=\"og:image\" content=\"http:\/\/duoseigle.com\/wp-content\/uploads\/2016\/03\/\u00a9ArtyFAN_8008ret1.jpg\" \/>\n\t<meta property=\"og:image:width\" content=\"2000\" \/>\n\t<meta property=\"og:image:height\" content=\"1333\" \/>\n\t<meta property=\"og:image:type\" content=\"image\/jpeg\" \/>\n<meta name=\"twitter:card\" content=\"summary_large_image\" \/>\n<meta name=\"twitter:site\" content=\"@nicolasandmichael\" \/>\n<meta name=\"twitter:label1\" content=\"Dur\u00e9e de lecture estim\u00e9e\" \/>\n\t<meta name=\"twitter:data1\" content=\"2 minutes\" \/>\n<script type=\"application\/ld+json\" class=\"yoast-schema-graph\">{\"@context\":\"https:\/\/schema.org\",\"@graph\":[{\"@type\":\"WebPage\",\"@id\":\"http:\/\/duoseigle.com\/index.php\/fr\/repertoire\/\",\"url\":\"http:\/\/duoseigle.com\/index.php\/fr\/repertoire\/\",\"name\":\"R\u00e9pertoire - Duo Micha\u00ebl et Nicolas Seigle violon-violoncelle\",\"isPartOf\":{\"@id\":\"http:\/\/duoseigle.com\/#website\"},\"datePublished\":\"2016-12-08T12:06:09+00:00\",\"dateModified\":\"2022-10-11T21:34:19+00:00\",\"description\":\"D\u00e9couvrez notre r\u00e9pertoire actuel issu des p\u00e9riodes classique, romantique et moderne pour constituer le programme qui vous semblera le plus appropri\u00e9.\",\"breadcrumb\":{\"@id\":\"http:\/\/duoseigle.com\/index.php\/fr\/repertoire\/#breadcrumb\"},\"inLanguage\":\"fr-FR\",\"potentialAction\":[{\"@type\":\"ReadAction\",\"target\":[\"http:\/\/duoseigle.com\/index.php\/fr\/repertoire\/\"]}]},{\"@type\":\"BreadcrumbList\",\"@id\":\"http:\/\/duoseigle.com\/index.php\/fr\/repertoire\/#breadcrumb\",\"itemListElement\":[{\"@type\":\"ListItem\",\"position\":1,\"name\":\"Accueil\",\"item\":\"http:\/\/duoseigle.com\/index.php\/en\/\"},{\"@type\":\"ListItem\",\"position\":2,\"name\":\"R\u00e9pertoire\"}]},{\"@type\":\"WebSite\",\"@id\":\"http:\/\/duoseigle.com\/#website\",\"url\":\"http:\/\/duoseigle.com\/\",\"name\":\"\",\"description\":\"\",\"publisher\":{\"@id\":\"http:\/\/duoseigle.com\/#\/schema\/person\/b9e3d0951d21aa99d558fe8c0fed21fe\"},\"potentialAction\":[{\"@type\":\"SearchAction\",\"target\":{\"@type\":\"EntryPoint\",\"urlTemplate\":\"http:\/\/duoseigle.com\/?s={search_term_string}\"},\"query-input\":\"required name=search_term_string\"}],\"inLanguage\":\"fr-FR\"},{\"@type\":[\"Person\",\"Organization\"],\"@id\":\"http:\/\/duoseigle.com\/#\/schema\/person\/b9e3d0951d21aa99d558fe8c0fed21fe\",\"name\":\"seigle\",\"image\":{\"@type\":\"ImageObject\",\"inLanguage\":\"fr-FR\",\"@id\":\"http:\/\/duoseigle.com\/#\/schema\/person\/image\/\",\"url\":\"http:\/\/duoseigle.com\/wp-content\/uploads\/2022\/10\/1F5D9CD8-B156-4BC4-8CD6-4BA966347FB7.jpeg\",\"contentUrl\":\"http:\/\/duoseigle.com\/wp-content\/uploads\/2022\/10\/1F5D9CD8-B156-4BC4-8CD6-4BA966347FB7.jpeg\",\"width\":250,\"height\":250,\"caption\":\"seigle\"},\"logo\":{\"@id\":\"http:\/\/duoseigle.com\/#\/schema\/person\/image\/\"},\"sameAs\":[\"http:\/\/duoseigle.com\/index.php\/fr\/\",\"https:\/\/www.facebook.com\/duoseigle\/\",\"https:\/\/www.instagram.com\/duoseigle\/\",\"https:\/\/twitter.com\/nicolasandmichael\",\"https:\/\/www.youtube.com\/channel\/UCAjCrJ956r7vTGv8uUlQrpw\"]}]}<\/script>\n<!-- \/ Yoast SEO plugin. -->","yoast_head_json":{"title":"R\u00e9pertoire - Duo Micha\u00ebl et Nicolas Seigle violon-violoncelle","description":"D\u00e9couvrez notre r\u00e9pertoire actuel issu des p\u00e9riodes classique, romantique et moderne pour constituer le programme qui vous semblera le plus appropri\u00e9.","robots":{"index":"index","follow":"follow","max-snippet":"max-snippet:-1","max-image-preview":"max-image-preview:large","max-video-preview":"max-video-preview:-1"},"canonical":"http:\/\/duoseigle.com\/index.php\/fr\/repertoire\/","og_locale":"fr_FR","og_type":"article","og_title":"R\u00e9pertoire - Duo Micha\u00ebl et Nicolas Seigle violon-violoncelle","og_description":"D\u00e9couvrez notre r\u00e9pertoire actuel issu des p\u00e9riodes classique, romantique et moderne pour constituer le programme qui vous semblera le plus appropri\u00e9.","og_url":"http:\/\/duoseigle.com\/index.php\/fr\/repertoire\/","article_publisher":"https:\/\/www.facebook.com\/duoseigle\/","article_modified_time":"2022-10-11T21:34:19+00:00","og_image":[{"width":2000,"height":1333,"url":"http:\/\/duoseigle.com\/wp-content\/uploads\/2016\/03\/\u00a9ArtyFAN_8008ret1.jpg","type":"image\/jpeg"}],"twitter_card":"summary_large_image","twitter_site":"@nicolasandmichael","twitter_misc":{"Dur\u00e9e de lecture estim\u00e9e":"2 minutes"},"schema":{"@context":"https:\/\/schema.org","@graph":[{"@type":"WebPage","@id":"http:\/\/duoseigle.com\/index.php\/fr\/repertoire\/","url":"http:\/\/duoseigle.com\/index.php\/fr\/repertoire\/","name":"R\u00e9pertoire - Duo Micha\u00ebl et Nicolas Seigle violon-violoncelle","isPartOf":{"@id":"http:\/\/duoseigle.com\/#website"},"datePublished":"2016-12-08T12:06:09+00:00","dateModified":"2022-10-11T21:34:19+00:00","description":"D\u00e9couvrez notre r\u00e9pertoire actuel issu des p\u00e9riodes classique, romantique et moderne pour constituer le programme qui vous semblera le plus appropri\u00e9.","breadcrumb":{"@id":"http:\/\/duoseigle.com\/index.php\/fr\/repertoire\/#breadcrumb"},"inLanguage":"fr-FR","potentialAction":[{"@type":"ReadAction","target":["http:\/\/duoseigle.com\/index.php\/fr\/repertoire\/"]}]},{"@type":"BreadcrumbList","@id":"http:\/\/duoseigle.com\/index.php\/fr\/repertoire\/#breadcrumb","itemListElement":[{"@type":"ListItem","position":1,"name":"Accueil","item":"http:\/\/duoseigle.com\/index.php\/en\/"},{"@type":"ListItem","position":2,"name":"R\u00e9pertoire"}]},{"@type":"WebSite","@id":"http:\/\/duoseigle.com\/#website","url":"http:\/\/duoseigle.com\/","name":"","description":"","publisher":{"@id":"http:\/\/duoseigle.com\/#\/schema\/person\/b9e3d0951d21aa99d558fe8c0fed21fe"},"potentialAction":[{"@type":"SearchAction","target":{"@type":"EntryPoint","urlTemplate":"http:\/\/duoseigle.com\/?s={search_term_string}"},"query-input":"required name=search_term_string"}],"inLanguage":"fr-FR"},{"@type":["Person","Organization"],"@id":"http:\/\/duoseigle.com\/#\/schema\/person\/b9e3d0951d21aa99d558fe8c0fed21fe","name":"seigle","image":{"@type":"ImageObject","inLanguage":"fr-FR","@id":"http:\/\/duoseigle.com\/#\/schema\/person\/image\/","url":"http:\/\/duoseigle.com\/wp-content\/uploads\/2022\/10\/1F5D9CD8-B156-4BC4-8CD6-4BA966347FB7.jpeg","contentUrl":"http:\/\/duoseigle.com\/wp-content\/uploads\/2022\/10\/1F5D9CD8-B156-4BC4-8CD6-4BA966347FB7.jpeg","width":250,"height":250,"caption":"seigle"},"logo":{"@id":"http:\/\/duoseigle.com\/#\/schema\/person\/image\/"},"sameAs":["http:\/\/duoseigle.com\/index.php\/fr\/","https:\/\/www.facebook.com\/duoseigle\/","https:\/\/www.instagram.com\/duoseigle\/","https:\/\/twitter.com\/nicolasandmichael","https:\/\/www.youtube.com\/channel\/UCAjCrJ956r7vTGv8uUlQrpw"]}]}},"_links":{"self":[{"href":"http:\/\/duoseigle.com\/index.php\/wp-json\/wp\/v2\/pages\/666"}],"collection":[{"href":"http:\/\/duoseigle.com\/index.php\/wp-json\/wp\/v2\/pages"}],"about":[{"href":"http:\/\/duoseigle.com\/index.php\/wp-json\/wp\/v2\/types\/page"}],"author":[{"embeddable":true,"href":"http:\/\/duoseigle.com\/index.php\/wp-json\/wp\/v2\/users\/2"}],"replies":[{"embeddable":true,"href":"http:\/\/duoseigle.com\/index.php\/wp-json\/wp\/v2\/comments?post=666"}],"version-history":[{"count":52,"href":"http:\/\/duoseigle.com\/index.php\/wp-json\/wp\/v2\/pages\/666\/revisions"}],"predecessor-version":[{"id":1648,"href":"http:\/\/duoseigle.com\/index.php\/wp-json\/wp\/v2\/pages\/666\/revisions\/1648"}],"wp:attachment":[{"href":"http:\/\/duoseigle.com\/index.php\/wp-json\/wp\/v2\/media?parent=666"}],"curies":[{"name":"wp","href":"https:\/\/api.w.org\/{rel}","templated":true}]}}